{"id":733,"date":"2020-05-20T16:19:30","date_gmt":"2020-05-20T14:19:30","guid":{"rendered":"https:\/\/proharptech.com\/praesentation\/"},"modified":"2020-07-06T14:36:02","modified_gmt":"2020-07-06T12:36:02","slug":"praesentation","status":"publish","type":"page","link":"https:\/\/proharptech.com\/de\/praesentation\/","title":{"rendered":"Pr\u00e4sentation"},"content":{"rendered":"<p>[et_pb_section fb_built=&#8220;1&#8243; custom_padding_last_edited=&#8220;on|tablet&#8220; next_background_color=&#8220;#ffffff&#8220; _builder_version=&#8220;4.4.5&#8243; background_image=&#8220;https:\/\/proharptech.com\/wp-content\/uploads\/2020\/05\/presentation.jpg&#8220; parallax=&#8220;on&#8220; custom_padding=&#8220;100px||200px||false|false&#8220; custom_padding_tablet=&#8220;||100px||false|false&#8220; custom_padding_phone=&#8220;&#8220; bottom_divider_style=&#8220;slant2&#8243; animation_style=&#8220;fade&#8220; background_color_tablet=&#8220;rgba(69,73,85,0.5)&#8220; background_last_edited=&#8220;on|phone&#8220; background_enable_color_tablet=&#8220;on&#8220; background_image_phone=&#8220;https:\/\/proharptech.com\/wp-content\/uploads\/2020\/05\/presentation-mobile.jpg&#8220; background_enable_image_phone=&#8220;on&#8220; parallax_tablet=&#8220;off&#8220; parallax_phone=&#8220;off&#8220; background_position_phone=&#8220;center&#8220; background_repeat_tablet=&#8220;no-repeat&#8220; background_blend_tablet=&#8220;multiply&#8220; locked=&#8220;off&#8220; title_text_phone=&#8220;presentation-mobile&#8220;][et_pb_row column_structure=&#8220;1_2,1_2&#8243; make_equal=&#8220;on&#8220; _builder_version=&#8220;4.4.5&#8243;][et_pb_column type=&#8220;1_2&#8243; _builder_version=&#8220;4.4.2&#8243; animation_style=&#8220;fade&#8220; animation_duration=&#8220;2000ms&#8220;][et_pb_text _builder_version=&#8220;4.4.5&#8243; header_2_font=&#8220;|500|||||||&#8220; header_2_font_size=&#8220;25px&#8220; background_layout=&#8220;dark&#8220; text_orientation_tablet=&#8220;center&#8220; text_orientation_phone=&#8220;&#8220; text_orientation_last_edited=&#8220;on|tablet&#8220; header_text_shadow_style=&#8220;preset1&#8243; header_2_text_shadow_style=&#8220;preset5&#8243;]<\/p>\n<h1>Pr\u00e4sentation<\/h1>\n<div id=\"gtx-trans\" style=\"position: absolute; left: -90px; top: 5.09375px;\">\n<div class=\"gtx-trans-icon\"><\/div>\n<\/div>\n<p>[\/et_pb_text][et_pb_text _builder_version=&#8220;4.4.5&#8243; text_orientation=&#8220;justified&#8220; background_layout=&#8220;dark&#8220; text_orientation_tablet=&#8220;&#8220; text_orientation_phone=&#8220;left&#8220; text_orientation_last_edited=&#8220;on|phone&#8220; text_text_shadow_style=&#8220;preset1&#8243;]Enric de Anciola zog von seiner Heimat Katalonien nach Paris und studierte dort Philosophie und Betriebswirtschaft. Um einen Ausgleich zur Doppelnatur seines beruflichen Lebens zu schaffen, wandte er sich seiner Lieblingsbesch\u00e4ftigung zu: der Musik. Anschlie\u00dfend besuchte der das ITEMM (Europ\u00e4isches Fachinstitut f\u00fcr musikalische Berufe) in Le Mans, um ein CAP (Zertifikat der beruflichen Kompetenz) im Instrumentenbau zu erhalten. Dadurch konnte er seine Leidenschaft zum Beruf machen.[\/et_pb_text][\/et_pb_column][et_pb_column type=&#8220;1_2&#8243; _builder_version=&#8220;4.4.2&#8243; animation_style=&#8220;fade&#8220; animation_duration=&#8220;2000ms&#8220;][\/et_pb_column][\/et_pb_row][\/et_pb_section][et_pb_section fb_built=&#8220;1&#8243; custom_padding_last_edited=&#8220;on|phone&#8220; _builder_version=&#8220;4.4.5&#8243; custom_padding_tablet=&#8220;||0px||false|false&#8220; custom_padding_phone=&#8220;&#8220; animation_style=&#8220;fade&#8220; scroll_blur_enable=&#8220;on&#8220; scroll_blur=&#8220;0|40|60|100|10px|0px|10px&#8220; scroll_blur_tablet=&#8220;0|40|60|100|10px|0px|0px&#8220; scroll_blur_phone=&#8220;&#8220; scroll_blur_last_edited=&#8220;on|tablet&#8220;][et_pb_row column_structure=&#8220;1_2,1_2&#8243; make_equal=&#8220;on&#8220; _builder_version=&#8220;4.4.5&#8243;][et_pb_column type=&#8220;1_2&#8243; _builder_version=&#8220;4.4.5&#8243;][et_pb_image src=&#8220;https:\/\/proharptech.com\/wp-content\/uploads\/2020\/05\/presentation-2.jpg&#8220; title_text=&#8220;pr\u00e4sentation=2&#8243; _builder_version=&#8220;4.4.5&#8243; scroll_horizontal_motion_enable=&#8220;on&#8220; scroll_horizontal_motion=&#8220;0|50|50|100|2|0|-2&#8243; scroll_horizontal_motion_tablet=&#8220;0|50|50|100|2|0|0&#8243; scroll_horizontal_motion_phone=&#8220;&#8220; scroll_horizontal_motion_last_edited=&#8220;on|phone&#8220;][\/et_pb_image][\/et_pb_column][et_pb_column type=&#8220;1_2&#8243; module_class=&#8220;vertical-align&#8220; _builder_version=&#8220;4.4.5&#8243;][et_pb_text _builder_version=&#8220;4.4.5&#8243; text_orientation=&#8220;justified&#8220; text_orientation_tablet=&#8220;&#8220; text_orientation_phone=&#8220;left&#8220; text_orientation_last_edited=&#8220;on|phone&#8220;]Der Beginn seines Kurses war auf das Stimmen, Reparieren und Testen von Gitarren ausgerichtet. Er arbeitete anschlie\u00dfend in verschiedenen Werkst\u00e4tten von Kopo bis Algam und baute sein Wissen zu den Strukturen einer Vielzahl von Musikinstrumenten in verschiedenen Gr\u00f6\u00dfen aus.<\/p>\n<p>Die Harfe wurde im Jahr 2011 zum Schwerpunkt seiner Arbeit, als er eine Stelle im international renommierten Unternehmen Camac Harps antrat. Durch diese bekam er die M\u00f6glichkeit, in verschiedenen europ\u00e4ischen Institutionen zum Techniker ausgebildet zu werden. Die Qualit\u00e4t und Pr\u00e4zision seiner Arbeit f\u00fchrten zu seiner Bef\u00f6rderung zum Cheftechniker und Leiter des Kundendienstes.[\/et_pb_text][\/et_pb_column][\/et_pb_row][\/et_pb_section][et_pb_section fb_built=&#8220;1&#8243; _builder_version=&#8220;4.4.5&#8243; background_color=&#8220;#454955&#8243; custom_margin_tablet=&#8220;&#8220; custom_margin_phone=&#8220;&#8220; custom_margin_last_edited=&#8220;on|tablet&#8220; custom_padding=&#8220;0px||0px||false|false&#8220; scroll_fade_enable=&#8220;on&#8220; scroll_fade=&#8220;0|50|50|100|0|100|0%&#8220; scroll_fade_tablet=&#8220;0|50|50|100|0|100|100%&#8220; scroll_fade_phone=&#8220;&#8220; scroll_fade_last_edited=&#8220;on|phone&#8220;][et_pb_row _builder_version=&#8220;4.4.5&#8243;][et_pb_column type=&#8220;4_4&#8243; _builder_version=&#8220;4.4.5&#8243;][et_pb_text _builder_version=&#8220;4.4.5&#8243; text_orientation=&#8220;justified&#8220; background_layout=&#8220;dark&#8220; text_orientation_tablet=&#8220;&#8220; text_orientation_phone=&#8220;left&#8220; text_orientation_last_edited=&#8220;on|phone&#8220;]Stets bestrebt zu lernen und sein Wissen weiterzugeben, entschied er sich 2019 seinen Horizont zu erweitern, indem er <strong>Pro.Harp.Tech<\/strong> gr\u00fcndete. Um dieser neuen Herausforderung gerecht zu werden, baute er sein Wissen \u00fcber andere Harfen-Marken aus, wie: \u00c9rard, Salvi, Lyon and Healy, Wurlitzer, Aoyama, Horngacher, David, Obermayer, Eagle und Resonance. Er vergr\u00f6\u00dferte damit das Leistungsangebot seines Unternehmens und verbesserte wiederum seine Kenntnisse \u00fcber das Instrument.<br \/>\nZu seinen Kunden geh\u00f6ren Isabelle Perrin, Sophie Hallynck, Anneleen Lenaerts, Irina Zingg, das Conservatoire Populaire de Musique in Genf, Brussels Philharmonic und das Trinity College London. Seine Gesch\u00e4ftst\u00e4tigkeit f\u00fchrte auch zu neuen Netzwerken mit der Op\u00e9ra Nationale de Paris, Norges Musikkh\u00f8gskole (Norwegische Musikakademie), Ieuan Jones, The Royal College of London, Jana Bou\u0161kov\u00e1, Simona Marchesi, der Oper Leipzig, dem Gewandhaus-Orchester zu Leipzig und dem Philharmonischen Staatsorchester Hamburg.<\/p>\n<div id=\"gtx-trans\" style=\"position: absolute; left: 284px; top: 30px;\">\n<div class=\"gtx-trans-icon\"><\/div>\n<\/div>\n<p>[\/et_pb_text][\/et_pb_column][\/et_pb_row][\/et_pb_section][et_pb_section fb_built=&#8220;1&#8243; _builder_version=&#8220;4.4.5&#8243; custom_margin_tablet=&#8220;&#8220; custom_margin_phone=&#8220;&#8220; custom_margin_last_edited=&#8220;on|tablet&#8220; custom_padding=&#8220;0px||||false|false&#8220; animation_style=&#8220;fade&#8220; scroll_blur_enable=&#8220;on&#8220; scroll_blur=&#8220;0|40|60|100|10px|0px|10px&#8220; scroll_blur_tablet=&#8220;0|40|60|100|10px|0px|0px&#8220; scroll_blur_phone=&#8220;&#8220; scroll_blur_last_edited=&#8220;on|tablet&#8220;][et_pb_row column_structure=&#8220;1_2,1_2&#8243; make_equal=&#8220;on&#8220; _builder_version=&#8220;4.4.5&#8243;][et_pb_column type=&#8220;1_2&#8243; module_class=&#8220;vertical-align&#8220; _builder_version=&#8220;4.4.5&#8243;][et_pb_text _builder_version=&#8220;4.4.5&#8243; text_orientation=&#8220;justified&#8220; text_orientation_tablet=&#8220;&#8220; text_orientation_phone=&#8220;left&#8220; text_orientation_last_edited=&#8220;on|phone&#8220;]Enric de Anciola arbeitet zudem in Institutionen wie der Musikene in San Sebasti\u00e1n, der Norges Musikkh\u00f8gskole in Oslo and dem L\u2019Institut Sup\u00e9rieur de Musique et P\u00e9dagogie in Namur, wo er Masterclass-Kurse gibt. Dadurch kann er seine F\u00e4higkeiten weitergeben und die n\u00e4chste Generation professioneller Harfenspieler darin ausbilden, sich auf geeignete Weise um ihr Instrument zu k\u00fcmmern.<\/p>\n<p>Aufgrund seiner unterschiedlichen Kulturen, Sprachen und Professionen ist Enric de Anciola dazu imstande, sich allen Projekten und Marken anzupassen, um seine Expertise anzubieten und Ihr Instrument angemessen zu versorgen.[\/et_pb_text][\/et_pb_column][et_pb_column type=&#8220;1_2&#8243; _builder_version=&#8220;4.4.5&#8243;][et_pb_image src=&#8220;https:\/\/proharptech.com\/wp-content\/uploads\/2020\/05\/presentation-4.jpg&#8220; title_text=&#8220;pr\u00e4sentation-4&#8243; _builder_version=&#8220;4.4.5&#8243; scroll_horizontal_motion_enable=&#8220;on&#8220; scroll_horizontal_motion=&#8220;0|50|50|100|-2|0|0&#8243;][\/et_pb_image][\/et_pb_column][\/et_pb_row][\/et_pb_section]<\/p>\n","protected":false},"excerpt":{"rendered":"<p>Pr\u00e4sentation Enric de Anciola zog von seiner Heimat Katalonien nach Paris und studierte dort Philosophie und Betriebswirtschaft. Um einen Ausgleich zur Doppelnatur seines beruflichen Lebens zu schaffen, wandte er sich seiner Lieblingsbesch\u00e4ftigung zu: der Musik. Anschlie\u00dfend besuchte der das ITEMM (Europ\u00e4isches Fachinstitut f\u00fcr musikalische Berufe) in Le Mans, um ein CAP (Zertifikat der beruflichen Kompetenz) [&hellip;]<\/p>\n","protected":false},"author":1,"featured_media":0,"parent":0,"menu_order":0,"comment_status":"closed","ping_status":"closed","template":"","meta":{"_et_pb_use_builder":"on","_et_pb_old_content":"","_et_gb_content_width":"","footnotes":""},"class_list":["post-733","page","type-page","status-publish","hentry"],"yoast_head":"<!-- This site is optimized with the Yoast SEO plugin v27.4 - https:\/\/yoast.com\/product\/yoast-seo-wordpress\/ -->\n<title>Pr\u00e4sentation - Pro.Harp.Tech - Harp Technician<\/title>\n<meta name=\"description\" content=\"Enric de Anciola zog von seiner Heimat Katalonien nach Paris und studierte dort Philosophie und Betriebswirtschaft. Um einen Ausgleich...\" \/>\n<meta name=\"robots\" content=\"index, follow, max-snippet:-1, max-image-preview:large, max-video-preview:-1\" \/>\n<link rel=\"canonical\" href=\"https:\/\/proharptech.com\/de\/praesentation\/\" \/>\n<meta property=\"og:locale\" content=\"de_DE\" \/>\n<meta property=\"og:type\" content=\"article\" \/>\n<meta property=\"og:title\" content=\"Pr\u00e4sentation - Pro.Harp.Tech - Harp Technician\" \/>\n<meta property=\"og:description\" content=\"Enric de Anciola zog von seiner Heimat Katalonien nach Paris und studierte dort Philosophie und Betriebswirtschaft. Um einen Ausgleich...\" \/>\n<meta property=\"og:url\" content=\"https:\/\/proharptech.com\/de\/praesentation\/\" \/>\n<meta property=\"og:site_name\" content=\"Pro.Harp.Tech - Harp Technician\" \/>\n<meta property=\"article:modified_time\" content=\"2020-07-06T12:36:02+00:00\" \/>\n<meta name=\"twitter:card\" content=\"summary_large_image\" \/>\n<meta name=\"twitter:label1\" content=\"Gesch\u00e4tzte Lesezeit\" \/>\n\t<meta name=\"twitter:data1\" content=\"5\u00a0Minuten\" \/>\n<script type=\"application\/ld+json\" class=\"yoast-schema-graph\">{\"@context\":\"https:\\\/\\\/schema.org\",\"@graph\":[{\"@type\":\"WebPage\",\"@id\":\"https:\\\/\\\/proharptech.com\\\/de\\\/praesentation\\\/\",\"url\":\"https:\\\/\\\/proharptech.com\\\/de\\\/praesentation\\\/\",\"name\":\"Pr\u00e4sentation - Pro.Harp.Tech - Harp Technician\",\"isPartOf\":{\"@id\":\"https:\\\/\\\/proharptech.com\\\/de\\\/#website\"},\"datePublished\":\"2020-05-20T14:19:30+00:00\",\"dateModified\":\"2020-07-06T12:36:02+00:00\",\"description\":\"Enric de Anciola zog von seiner Heimat Katalonien nach Paris und studierte dort Philosophie und Betriebswirtschaft. Um einen Ausgleich...\",\"breadcrumb\":{\"@id\":\"https:\\\/\\\/proharptech.com\\\/de\\\/praesentation\\\/#breadcrumb\"},\"inLanguage\":\"de\",\"potentialAction\":[{\"@type\":\"ReadAction\",\"target\":[\"https:\\\/\\\/proharptech.com\\\/de\\\/praesentation\\\/\"]}]},{\"@type\":\"BreadcrumbList\",\"@id\":\"https:\\\/\\\/proharptech.com\\\/de\\\/praesentation\\\/#breadcrumb\",\"itemListElement\":[{\"@type\":\"ListItem\",\"position\":1,\"name\":\"Home\",\"item\":\"https:\\\/\\\/proharptech.com\\\/de\\\/\"},{\"@type\":\"ListItem\",\"position\":2,\"name\":\"Pr\u00e4sentation\"}]},{\"@type\":\"WebSite\",\"@id\":\"https:\\\/\\\/proharptech.com\\\/de\\\/#website\",\"url\":\"https:\\\/\\\/proharptech.com\\\/de\\\/\",\"name\":\"Pro.Harp.Tech - Harp Technician\",\"description\":\"Enric de Anciola\",\"publisher\":{\"@id\":\"https:\\\/\\\/proharptech.com\\\/de\\\/#organization\"},\"potentialAction\":[{\"@type\":\"SearchAction\",\"target\":{\"@type\":\"EntryPoint\",\"urlTemplate\":\"https:\\\/\\\/proharptech.com\\\/de\\\/?s={search_term_string}\"},\"query-input\":{\"@type\":\"PropertyValueSpecification\",\"valueRequired\":true,\"valueName\":\"search_term_string\"}}],\"inLanguage\":\"de\"},{\"@type\":\"Organization\",\"@id\":\"https:\\\/\\\/proharptech.com\\\/de\\\/#organization\",\"name\":\"Pro.Harp.Tech - Enric de Anciola\",\"url\":\"https:\\\/\\\/proharptech.com\\\/de\\\/\",\"logo\":{\"@type\":\"ImageObject\",\"inLanguage\":\"de\",\"@id\":\"https:\\\/\\\/proharptech.com\\\/de\\\/#\\\/schema\\\/logo\\\/image\\\/\",\"url\":\"https:\\\/\\\/proharptech.com\\\/wp-content\\\/uploads\\\/2020\\\/04\\\/favicon.png\",\"contentUrl\":\"https:\\\/\\\/proharptech.com\\\/wp-content\\\/uploads\\\/2020\\\/04\\\/favicon.png\",\"width\":512,\"height\":512,\"caption\":\"Pro.Harp.Tech - Enric de Anciola\"},\"image\":{\"@id\":\"https:\\\/\\\/proharptech.com\\\/de\\\/#\\\/schema\\\/logo\\\/image\\\/\"}}]}<\/script>\n<!-- \/ Yoast SEO plugin. -->","yoast_head_json":{"title":"Pr\u00e4sentation - Pro.Harp.Tech - Harp Technician","description":"Enric de Anciola zog von seiner Heimat Katalonien nach Paris und studierte dort Philosophie und Betriebswirtschaft. Um einen Ausgleich...","robots":{"index":"index","follow":"follow","max-snippet":"max-snippet:-1","max-image-preview":"max-image-preview:large","max-video-preview":"max-video-preview:-1"},"canonical":"https:\/\/proharptech.com\/de\/praesentation\/","og_locale":"de_DE","og_type":"article","og_title":"Pr\u00e4sentation - Pro.Harp.Tech - Harp Technician","og_description":"Enric de Anciola zog von seiner Heimat Katalonien nach Paris und studierte dort Philosophie und Betriebswirtschaft. Um einen Ausgleich...","og_url":"https:\/\/proharptech.com\/de\/praesentation\/","og_site_name":"Pro.Harp.Tech - Harp Technician","article_modified_time":"2020-07-06T12:36:02+00:00","twitter_card":"summary_large_image","twitter_misc":{"Gesch\u00e4tzte Lesezeit":"5\u00a0Minuten"},"schema":{"@context":"https:\/\/schema.org","@graph":[{"@type":"WebPage","@id":"https:\/\/proharptech.com\/de\/praesentation\/","url":"https:\/\/proharptech.com\/de\/praesentation\/","name":"Pr\u00e4sentation - Pro.Harp.Tech - Harp Technician","isPartOf":{"@id":"https:\/\/proharptech.com\/de\/#website"},"datePublished":"2020-05-20T14:19:30+00:00","dateModified":"2020-07-06T12:36:02+00:00","description":"Enric de Anciola zog von seiner Heimat Katalonien nach Paris und studierte dort Philosophie und Betriebswirtschaft. Um einen Ausgleich...","breadcrumb":{"@id":"https:\/\/proharptech.com\/de\/praesentation\/#breadcrumb"},"inLanguage":"de","potentialAction":[{"@type":"ReadAction","target":["https:\/\/proharptech.com\/de\/praesentation\/"]}]},{"@type":"BreadcrumbList","@id":"https:\/\/proharptech.com\/de\/praesentation\/#breadcrumb","itemListElement":[{"@type":"ListItem","position":1,"name":"Home","item":"https:\/\/proharptech.com\/de\/"},{"@type":"ListItem","position":2,"name":"Pr\u00e4sentation"}]},{"@type":"WebSite","@id":"https:\/\/proharptech.com\/de\/#website","url":"https:\/\/proharptech.com\/de\/","name":"Pro.Harp.Tech - Harp Technician","description":"Enric de Anciola","publisher":{"@id":"https:\/\/proharptech.com\/de\/#organization"},"potentialAction":[{"@type":"SearchAction","target":{"@type":"EntryPoint","urlTemplate":"https:\/\/proharptech.com\/de\/?s={search_term_string}"},"query-input":{"@type":"PropertyValueSpecification","valueRequired":true,"valueName":"search_term_string"}}],"inLanguage":"de"},{"@type":"Organization","@id":"https:\/\/proharptech.com\/de\/#organization","name":"Pro.Harp.Tech - Enric de Anciola","url":"https:\/\/proharptech.com\/de\/","logo":{"@type":"ImageObject","inLanguage":"de","@id":"https:\/\/proharptech.com\/de\/#\/schema\/logo\/image\/","url":"https:\/\/proharptech.com\/wp-content\/uploads\/2020\/04\/favicon.png","contentUrl":"https:\/\/proharptech.com\/wp-content\/uploads\/2020\/04\/favicon.png","width":512,"height":512,"caption":"Pro.Harp.Tech - Enric de Anciola"},"image":{"@id":"https:\/\/proharptech.com\/de\/#\/schema\/logo\/image\/"}}]}},"_links":{"self":[{"href":"https:\/\/proharptech.com\/de\/wp-json\/wp\/v2\/pages\/733","targetHints":{"allow":["GET"]}}],"collection":[{"href":"https:\/\/proharptech.com\/de\/wp-json\/wp\/v2\/pages"}],"about":[{"href":"https:\/\/proharptech.com\/de\/wp-json\/wp\/v2\/types\/page"}],"author":[{"embeddable":true,"href":"https:\/\/proharptech.com\/de\/wp-json\/wp\/v2\/users\/1"}],"replies":[{"embeddable":true,"href":"https:\/\/proharptech.com\/de\/wp-json\/wp\/v2\/comments?post=733"}],"version-history":[{"count":0,"href":"https:\/\/proharptech.com\/de\/wp-json\/wp\/v2\/pages\/733\/revisions"}],"wp:attachment":[{"href":"https:\/\/proharptech.com\/de\/wp-json\/wp\/v2\/media?parent=733"}],"curies":[{"name":"wp","href":"https:\/\/api.w.org\/{rel}","templated":true}]}}