{"id":367,"date":"2020-04-21T11:38:46","date_gmt":"2020-04-21T09:38:46","guid":{"rendered":"https:\/\/proharptech.com\/presentation\/"},"modified":"2020-07-06T14:35:35","modified_gmt":"2020-07-06T12:35:35","slug":"presentation","status":"publish","type":"page","link":"https:\/\/proharptech.com\/fr\/presentation\/","title":{"rendered":"Pr\u00e9sentation"},"content":{"rendered":"<p>[et_pb_section fb_built=\u00a0\u00bb1&Prime; custom_padding_last_edited=\u00a0\u00bbon|tablet\u00a0\u00bb next_background_color=\u00a0\u00bb#ffffff\u00a0\u00bb _builder_version=\u00a0\u00bb4.4.5&Prime; background_image=\u00a0\u00bbhttps:\/\/proharptech.com\/wp-content\/uploads\/2020\/05\/presentation.jpg\u00a0\u00bb parallax=\u00a0\u00bbon\u00a0\u00bb custom_padding=\u00a0\u00bb100px||200px||false|false\u00a0\u00bb custom_padding_tablet=\u00a0\u00bb||100px||false|false\u00a0\u00bb custom_padding_phone=\u00a0\u00bb\u00a0\u00bb bottom_divider_style=\u00a0\u00bbslant2&Prime; animation_style=\u00a0\u00bbfade\u00a0\u00bb background_color_tablet=\u00a0\u00bbrgba(69,73,85,0.5)\u00a0\u00bb background_last_edited=\u00a0\u00bbon|phone\u00a0\u00bb background_enable_color_tablet=\u00a0\u00bbon\u00a0\u00bb background_image_phone=\u00a0\u00bbhttps:\/\/proharptech.com\/wp-content\/uploads\/2020\/05\/presentation-mobile.jpg\u00a0\u00bb background_enable_image_phone=\u00a0\u00bbon\u00a0\u00bb parallax_tablet=\u00a0\u00bboff\u00a0\u00bb parallax_phone=\u00a0\u00bboff\u00a0\u00bb background_position_phone=\u00a0\u00bbcenter\u00a0\u00bb background_repeat_tablet=\u00a0\u00bbno-repeat\u00a0\u00bb background_blend_tablet=\u00a0\u00bbmultiply\u00a0\u00bb locked=\u00a0\u00bboff\u00a0\u00bb title_text_phone=\u00a0\u00bbpresentation-mobile\u00a0\u00bb][et_pb_row column_structure=\u00a0\u00bb1_2,1_2&Prime; make_equal=\u00a0\u00bbon\u00a0\u00bb _builder_version=\u00a0\u00bb4.4.5&Prime;][et_pb_column type=\u00a0\u00bb1_2&Prime; _builder_version=\u00a0\u00bb4.4.2&Prime; animation_style=\u00a0\u00bbfade\u00a0\u00bb animation_duration=\u00a0\u00bb2000ms\u00a0\u00bb][et_pb_text _builder_version=\u00a0\u00bb4.4.5&Prime; header_2_font=\u00a0\u00bb|500|||||||\u00a0\u00bb header_2_font_size=\u00a0\u00bb25px\u00a0\u00bb background_layout=\u00a0\u00bbdark\u00a0\u00bb text_orientation_tablet=\u00a0\u00bbcenter\u00a0\u00bb text_orientation_phone=\u00a0\u00bb\u00a0\u00bb text_orientation_last_edited=\u00a0\u00bbon|tablet\u00a0\u00bb header_text_shadow_style=\u00a0\u00bbpreset1&Prime; header_2_text_shadow_style=\u00a0\u00bbpreset5&Prime;]<\/p>\n<h1>Pr\u00e9sentation<\/h1>\n<p>[\/et_pb_text][et_pb_text _builder_version=\u00a0\u00bb4.4.5&Prime; text_orientation=\u00a0\u00bbjustified\u00a0\u00bb background_layout=\u00a0\u00bbdark\u00a0\u00bb text_orientation_tablet=\u00a0\u00bb\u00a0\u00bb text_orientation_phone=\u00a0\u00bbleft\u00a0\u00bb text_orientation_last_edited=\u00a0\u00bbon|phone\u00a0\u00bb text_text_shadow_style=\u00a0\u00bbpreset1&Prime;]De sa Catalogne natale \u00e0 Paris, Enric de Anciola m\u00e8ne des \u00e9tudes de philosophie et d\u2019administration des entreprises. A la validation de ce double cursus, c\u2019est naturellement qu\u2019il se r\u00e9oriente vers son domaine de pr\u00e9dilection, la musique. Il rejoint ainsi l\u2019ITEMM au Mans pour passer un CAP de luthier qui lui permet de faire de sa passion un m\u00e9tier.[\/et_pb_text][\/et_pb_column][et_pb_column type=\u00a0\u00bb1_2&Prime; _builder_version=\u00a0\u00bb4.4.2&Prime; animation_style=\u00a0\u00bbfade\u00a0\u00bb animation_duration=\u00a0\u00bb2000ms\u00a0\u00bb][\/et_pb_column][\/et_pb_row][\/et_pb_section][et_pb_section fb_built=\u00a0\u00bb1&Prime; custom_padding_last_edited=\u00a0\u00bbon|phone\u00a0\u00bb _builder_version=\u00a0\u00bb4.4.5&Prime; custom_padding_tablet=\u00a0\u00bb||0px||false|false\u00a0\u00bb custom_padding_phone=\u00a0\u00bb\u00a0\u00bb animation_style=\u00a0\u00bbfade\u00a0\u00bb scroll_blur_enable=\u00a0\u00bbon\u00a0\u00bb scroll_blur=\u00a0\u00bb0|40|60|100|10px|0px|10px\u00a0\u00bb scroll_blur_tablet=\u00a0\u00bb0|40|60|100|10px|0px|0px\u00a0\u00bb scroll_blur_phone=\u00a0\u00bb\u00a0\u00bb scroll_blur_last_edited=\u00a0\u00bbon|tablet\u00a0\u00bb][et_pb_row column_structure=\u00a0\u00bb1_2,1_2&Prime; make_equal=\u00a0\u00bbon\u00a0\u00bb _builder_version=\u00a0\u00bb4.4.5&Prime;][et_pb_column type=\u00a0\u00bb1_2&Prime; _builder_version=\u00a0\u00bb4.4.5&Prime;][et_pb_image src=\u00a0\u00bbhttps:\/\/proharptech.com\/wp-content\/uploads\/2020\/05\/presentation-2.jpg\u00a0\u00bb title_text=\u00a0\u00bbpresentation-2&Prime; _builder_version=\u00a0\u00bb4.4.5&Prime; scroll_horizontal_motion_enable=\u00a0\u00bbon\u00a0\u00bb scroll_horizontal_motion=\u00a0\u00bb0|50|50|100|2|0|-2&Prime; scroll_horizontal_motion_tablet=\u00a0\u00bb0|50|50|100|2|0|0&Prime; scroll_horizontal_motion_phone=\u00a0\u00bb\u00a0\u00bb scroll_horizontal_motion_last_edited=\u00a0\u00bbon|phone\u00a0\u00bb][\/et_pb_image][\/et_pb_column][et_pb_column type=\u00a0\u00bb1_2&Prime; module_class=\u00a0\u00bbvertical-align\u00a0\u00bb _builder_version=\u00a0\u00bb4.4.5&Prime;][et_pb_text _builder_version=\u00a0\u00bb4.4.5&Prime; text_orientation=\u00a0\u00bbjustified\u00a0\u00bb text_orientation_tablet=\u00a0\u00bb\u00a0\u00bb text_orientation_phone=\u00a0\u00bbleft\u00a0\u00bb text_orientation_last_edited=\u00a0\u00bbon|phone\u00a0\u00bb]Il construit le d\u00e9but de son exp\u00e9rience dans le r\u00e9glage, la r\u00e9paration et le contr\u00f4le de guitares. Il \u0153uvre ainsi au sein de plusieurs ateliers, de Kopo \u00e0 Algam, d\u00e9veloppant son savoir-faire dans des structures de tailles vari\u00e9es sur diff\u00e9rents supports.<\/p>\n<p>La harpe devient son c\u0153ur de m\u00e9tier en 2011, \u00e0 son entr\u00e9e au sein des Harpes Camac dont la renomm\u00e9e internationale l\u2019am\u00e8ne \u00e0 se former en tant que technicien r\u00e9gleur dans de nombreuses institutions europ\u00e9ennes. La qualit\u00e9 et la pr\u00e9cision de son travail est attest\u00e9e par sa nomination en tant que chef technicien et responsable du service apr\u00e8s-vente.[\/et_pb_text][\/et_pb_column][\/et_pb_row][\/et_pb_section][et_pb_section fb_built=\u00a0\u00bb1&Prime; _builder_version=\u00a0\u00bb4.4.5&Prime; background_color=\u00a0\u00bb#454955&Prime; custom_margin_tablet=\u00a0\u00bb\u00a0\u00bb custom_margin_phone=\u00a0\u00bb\u00a0\u00bb custom_margin_last_edited=\u00a0\u00bbon|tablet\u00a0\u00bb custom_padding=\u00a0\u00bb0px||0px||false|false\u00a0\u00bb scroll_fade_enable=\u00a0\u00bbon\u00a0\u00bb scroll_fade=\u00a0\u00bb0|50|50|100|0|100|0%\u00a0\u00bb scroll_fade_tablet=\u00a0\u00bb0|50|50|100|0|100|100%\u00a0\u00bb scroll_fade_phone=\u00a0\u00bb\u00a0\u00bb scroll_fade_last_edited=\u00a0\u00bbon|phone\u00a0\u00bb][et_pb_row _builder_version=\u00a0\u00bb4.4.5&Prime;][et_pb_column type=\u00a0\u00bb4_4&Prime; _builder_version=\u00a0\u00bb4.4.5&Prime;][et_pb_text _builder_version=\u00a0\u00bb4.4.5&Prime; text_orientation=\u00a0\u00bbjustified\u00a0\u00bb background_layout=\u00a0\u00bbdark\u00a0\u00bb text_orientation_tablet=\u00a0\u00bb\u00a0\u00bb text_orientation_phone=\u00a0\u00bbleft\u00a0\u00bb text_orientation_last_edited=\u00a0\u00bbon|phone\u00a0\u00bb]En 2019, toujours d\u00e9sireux d\u2019apprendre et de transmettre, il d\u00e9cide d\u2019\u00e9largir ses perspectives en cr\u00e9ant <strong>Pro.Harp.Tech.<\/strong> Relevant ce nouveau d\u00e9fi, il \u00e9tend son savoir- faire \u00e0 d\u2019autres marques de harpes comme : \u00c9rard, Salvi, Lyon and Healy, Wurlitzer, Aoyama, Horngacher, David, Obermayer, Eagle, Resonance&#8230; Il compl\u00e8te ainsi son champ d\u2019intervention et enrichit sa connaissance de l\u2019instrument.<br \/>\nDans cette nouvelle activit\u00e9, il retrouve ses clients Isabelle Perrin, Sophie Hallynck, Anneleen Lenaerts, Irina Zingg, Le Conservatoire Populaire de Gen\u00e8ve, Brussels Philharmonic ; Trinity College of London. Mais d\u00e9veloppe \u00e9galement de nouveaux r\u00e9seaux avec l\u2019Op\u00e9ra Nationale de Paris, Norges Musikkh\u00f8gskole (Norwegian Academy of Music), Ieuan Jones, The Royal College of London, Jana Bou\u0161kov\u00e1, Simona Marchesi, Oper Leipzig Rechnungswesen, Gewandhaus Orchester zu Leipzig, Philharmonisches Staatsorchester Hamburg\u2026[\/et_pb_text][\/et_pb_column][\/et_pb_row][\/et_pb_section][et_pb_section fb_built=\u00a0\u00bb1&Prime; _builder_version=\u00a0\u00bb4.4.5&Prime; custom_margin_tablet=\u00a0\u00bb\u00a0\u00bb custom_margin_phone=\u00a0\u00bb\u00a0\u00bb custom_margin_last_edited=\u00a0\u00bbon|tablet\u00a0\u00bb custom_padding=\u00a0\u00bb0px||||false|false\u00a0\u00bb animation_style=\u00a0\u00bbfade\u00a0\u00bb scroll_blur_enable=\u00a0\u00bbon\u00a0\u00bb scroll_blur=\u00a0\u00bb0|40|60|100|10px|0px|10px\u00a0\u00bb scroll_blur_tablet=\u00a0\u00bb0|40|60|100|10px|0px|0px\u00a0\u00bb scroll_blur_phone=\u00a0\u00bb\u00a0\u00bb scroll_blur_last_edited=\u00a0\u00bbon|tablet\u00a0\u00bb][et_pb_row column_structure=\u00a0\u00bb1_2,1_2&Prime; make_equal=\u00a0\u00bbon\u00a0\u00bb _builder_version=\u00a0\u00bb4.4.5&Prime;][et_pb_column type=\u00a0\u00bb1_2&Prime; module_class=\u00a0\u00bbvertical-align\u00a0\u00bb _builder_version=\u00a0\u00bb4.4.5&Prime;][et_pb_text _builder_version=\u00a0\u00bb4.4.5&Prime; text_orientation=\u00a0\u00bbjustified\u00a0\u00bb text_orientation_tablet=\u00a0\u00bb\u00a0\u00bb text_orientation_phone=\u00a0\u00bbleft\u00a0\u00bb text_orientation_last_edited=\u00a0\u00bbon|phone\u00a0\u00bb]Enric de Anciola intervient \u00e9galement au sein d\u2019institutions comme Musikene \u00e0 Donostia, Norges Musikkh\u00f8gskole \u00e0 Oslo et L\u2019Institut Sup\u00e9rieur de Musique et P\u00e9dagogie de Namur o\u00f9 il anime des Masterclass qui lui permettent de transmettre ses comp\u00e9tences et de former les professionnels de la harpe de demain \u00e0 l\u2019entretien de leur instrument.<\/p>\n<p>Fort de ses diff\u00e9rentes cultures, linguistiques et professionnelles, Enric de Anciola s\u2019adapte \u00e0 tous les projets, \u00e0 toutes les marques pour proposer son expertise et donner \u00e0 vos instruments le soin qu\u2019ils m\u00e9ritent.[\/et_pb_text][\/et_pb_column][et_pb_column type=\u00a0\u00bb1_2&Prime; _builder_version=\u00a0\u00bb4.4.5&Prime;][et_pb_image src=\u00a0\u00bbhttps:\/\/proharptech.com\/wp-content\/uploads\/2020\/05\/presentation-4.jpg\u00a0\u00bb title_text=\u00a0\u00bbpresentation-4&Prime; _builder_version=\u00a0\u00bb4.4.5&Prime; scroll_horizontal_motion_enable=\u00a0\u00bbon\u00a0\u00bb scroll_horizontal_motion=\u00a0\u00bb0|50|50|100|-2|0|0&Prime;][\/et_pb_image][\/et_pb_column][\/et_pb_row][\/et_pb_section]<\/p>\n","protected":false},"excerpt":{"rendered":"<p>Pr\u00e9sentationDe sa Catalogne natale \u00e0 Paris, Enric de Anciola m\u00e8ne des \u00e9tudes de philosophie et d\u2019administration des entreprises. A la validation de ce double cursus, c\u2019est naturellement qu\u2019il se r\u00e9oriente vers son domaine de pr\u00e9dilection, la musique. Il rejoint ainsi l\u2019ITEMM au Mans pour passer un CAP de luthier qui lui permet de faire de [&hellip;]<\/p>\n","protected":false},"author":1,"featured_media":450,"parent":0,"menu_order":0,"comment_status":"closed","ping_status":"closed","template":"","meta":{"_et_pb_use_builder":"on","_et_pb_old_content":"","_et_gb_content_width":"","footnotes":""},"class_list":["post-367","page","type-page","status-publish","has-post-thumbnail","hentry"],"yoast_head":"<!-- This site is optimized with the Yoast SEO plugin v27.4 - https:\/\/yoast.com\/product\/yoast-seo-wordpress\/ -->\n<title>Pr\u00e9sentation - Pro.Harp.Tech - Enric de Anciola<\/title>\n<meta name=\"description\" content=\"De sa Catalogne natale \u00e0 Paris, Enric de Anciola m\u00e8ne des \u00e9tudes de philosophie et d\u2019administration des entreprises. \u00c0 la validation de ce double cursus...\" \/>\n<meta name=\"robots\" content=\"index, follow, max-snippet:-1, max-image-preview:large, max-video-preview:-1\" \/>\n<link rel=\"canonical\" href=\"https:\/\/proharptech.com\/fr\/presentation\/\" \/>\n<meta property=\"og:locale\" content=\"fr_FR\" \/>\n<meta property=\"og:type\" content=\"article\" \/>\n<meta property=\"og:title\" content=\"Pr\u00e9sentation - Pro.Harp.Tech - Enric de Anciola\" \/>\n<meta property=\"og:description\" content=\"De sa Catalogne natale \u00e0 Paris, Enric de Anciola m\u00e8ne des \u00e9tudes de philosophie et d\u2019administration des entreprises. \u00c0 la validation de ce double cursus...\" \/>\n<meta property=\"og:url\" content=\"https:\/\/proharptech.com\/fr\/presentation\/\" \/>\n<meta property=\"og:site_name\" content=\"Pro.Harp.Tech - Enric de Anciola\" \/>\n<meta property=\"article:modified_time\" content=\"2020-07-06T12:35:35+00:00\" \/>\n<meta property=\"og:image\" content=\"https:\/\/proharptech.com\/wp-content\/uploads\/2020\/05\/presentation-mobile.jpg\" \/>\n\t<meta property=\"og:image:width\" content=\"1230\" \/>\n\t<meta property=\"og:image:height\" content=\"846\" \/>\n\t<meta property=\"og:image:type\" content=\"image\/jpeg\" \/>\n<meta name=\"twitter:card\" content=\"summary_large_image\" \/>\n<meta name=\"twitter:label1\" content=\"Dur\u00e9e de lecture estim\u00e9e\" \/>\n\t<meta name=\"twitter:data1\" content=\"5 minutes\" \/>\n<script type=\"application\/ld+json\" class=\"yoast-schema-graph\">{\"@context\":\"https:\\\/\\\/schema.org\",\"@graph\":[{\"@type\":\"WebPage\",\"@id\":\"https:\\\/\\\/proharptech.com\\\/fr\\\/presentation\\\/\",\"url\":\"https:\\\/\\\/proharptech.com\\\/fr\\\/presentation\\\/\",\"name\":\"Pr\u00e9sentation - Pro.Harp.Tech - Enric de Anciola\",\"isPartOf\":{\"@id\":\"https:\\\/\\\/proharptech.com\\\/fr\\\/#website\"},\"primaryImageOfPage\":{\"@id\":\"https:\\\/\\\/proharptech.com\\\/fr\\\/presentation\\\/#primaryimage\"},\"image\":{\"@id\":\"https:\\\/\\\/proharptech.com\\\/fr\\\/presentation\\\/#primaryimage\"},\"thumbnailUrl\":\"https:\\\/\\\/proharptech.com\\\/wp-content\\\/uploads\\\/2020\\\/05\\\/presentation-mobile.jpg\",\"datePublished\":\"2020-04-21T09:38:46+00:00\",\"dateModified\":\"2020-07-06T12:35:35+00:00\",\"description\":\"De sa Catalogne natale \u00e0 Paris, Enric de Anciola m\u00e8ne des \u00e9tudes de philosophie et d\u2019administration des entreprises. \u00c0 la validation de ce double cursus...\",\"breadcrumb\":{\"@id\":\"https:\\\/\\\/proharptech.com\\\/fr\\\/presentation\\\/#breadcrumb\"},\"inLanguage\":\"fr-FR\",\"potentialAction\":[{\"@type\":\"ReadAction\",\"target\":[\"https:\\\/\\\/proharptech.com\\\/fr\\\/presentation\\\/\"]}]},{\"@type\":\"ImageObject\",\"inLanguage\":\"fr-FR\",\"@id\":\"https:\\\/\\\/proharptech.com\\\/fr\\\/presentation\\\/#primaryimage\",\"url\":\"https:\\\/\\\/proharptech.com\\\/wp-content\\\/uploads\\\/2020\\\/05\\\/presentation-mobile.jpg\",\"contentUrl\":\"https:\\\/\\\/proharptech.com\\\/wp-content\\\/uploads\\\/2020\\\/05\\\/presentation-mobile.jpg\",\"width\":1230,\"height\":846},{\"@type\":\"BreadcrumbList\",\"@id\":\"https:\\\/\\\/proharptech.com\\\/fr\\\/presentation\\\/#breadcrumb\",\"itemListElement\":[{\"@type\":\"ListItem\",\"position\":1,\"name\":\"Home\",\"item\":\"https:\\\/\\\/proharptech.com\\\/fr\\\/\"},{\"@type\":\"ListItem\",\"position\":2,\"name\":\"Pr\u00e9sentation\"}]},{\"@type\":\"WebSite\",\"@id\":\"https:\\\/\\\/proharptech.com\\\/fr\\\/#website\",\"url\":\"https:\\\/\\\/proharptech.com\\\/fr\\\/\",\"name\":\"Pro.Harp.Tech - Enric de Anciola\",\"description\":\"Harp Technician\",\"publisher\":{\"@id\":\"https:\\\/\\\/proharptech.com\\\/fr\\\/#organization\"},\"potentialAction\":[{\"@type\":\"SearchAction\",\"target\":{\"@type\":\"EntryPoint\",\"urlTemplate\":\"https:\\\/\\\/proharptech.com\\\/fr\\\/?s={search_term_string}\"},\"query-input\":{\"@type\":\"PropertyValueSpecification\",\"valueRequired\":true,\"valueName\":\"search_term_string\"}}],\"inLanguage\":\"fr-FR\"},{\"@type\":\"Organization\",\"@id\":\"https:\\\/\\\/proharptech.com\\\/fr\\\/#organization\",\"name\":\"Pro.Harp.Tech - Enric de Anciola\",\"url\":\"https:\\\/\\\/proharptech.com\\\/fr\\\/\",\"logo\":{\"@type\":\"ImageObject\",\"inLanguage\":\"fr-FR\",\"@id\":\"https:\\\/\\\/proharptech.com\\\/fr\\\/#\\\/schema\\\/logo\\\/image\\\/\",\"url\":\"https:\\\/\\\/proharptech.com\\\/wp-content\\\/uploads\\\/2020\\\/04\\\/favicon.png\",\"contentUrl\":\"https:\\\/\\\/proharptech.com\\\/wp-content\\\/uploads\\\/2020\\\/04\\\/favicon.png\",\"width\":512,\"height\":512,\"caption\":\"Pro.Harp.Tech - Enric de Anciola\"},\"image\":{\"@id\":\"https:\\\/\\\/proharptech.com\\\/fr\\\/#\\\/schema\\\/logo\\\/image\\\/\"}}]}<\/script>\n<!-- \/ Yoast SEO plugin. -->","yoast_head_json":{"title":"Pr\u00e9sentation - Pro.Harp.Tech - Enric de Anciola","description":"De sa Catalogne natale \u00e0 Paris, Enric de Anciola m\u00e8ne des \u00e9tudes de philosophie et d\u2019administration des entreprises. \u00c0 la validation de ce double cursus...","robots":{"index":"index","follow":"follow","max-snippet":"max-snippet:-1","max-image-preview":"max-image-preview:large","max-video-preview":"max-video-preview:-1"},"canonical":"https:\/\/proharptech.com\/fr\/presentation\/","og_locale":"fr_FR","og_type":"article","og_title":"Pr\u00e9sentation - Pro.Harp.Tech - Enric de Anciola","og_description":"De sa Catalogne natale \u00e0 Paris, Enric de Anciola m\u00e8ne des \u00e9tudes de philosophie et d\u2019administration des entreprises. \u00c0 la validation de ce double cursus...","og_url":"https:\/\/proharptech.com\/fr\/presentation\/","og_site_name":"Pro.Harp.Tech - Enric de Anciola","article_modified_time":"2020-07-06T12:35:35+00:00","og_image":[{"width":1230,"height":846,"url":"https:\/\/proharptech.com\/wp-content\/uploads\/2020\/05\/presentation-mobile.jpg","type":"image\/jpeg"}],"twitter_card":"summary_large_image","twitter_misc":{"Dur\u00e9e de lecture estim\u00e9e":"5 minutes"},"schema":{"@context":"https:\/\/schema.org","@graph":[{"@type":"WebPage","@id":"https:\/\/proharptech.com\/fr\/presentation\/","url":"https:\/\/proharptech.com\/fr\/presentation\/","name":"Pr\u00e9sentation - Pro.Harp.Tech - Enric de Anciola","isPartOf":{"@id":"https:\/\/proharptech.com\/fr\/#website"},"primaryImageOfPage":{"@id":"https:\/\/proharptech.com\/fr\/presentation\/#primaryimage"},"image":{"@id":"https:\/\/proharptech.com\/fr\/presentation\/#primaryimage"},"thumbnailUrl":"https:\/\/proharptech.com\/wp-content\/uploads\/2020\/05\/presentation-mobile.jpg","datePublished":"2020-04-21T09:38:46+00:00","dateModified":"2020-07-06T12:35:35+00:00","description":"De sa Catalogne natale \u00e0 Paris, Enric de Anciola m\u00e8ne des \u00e9tudes de philosophie et d\u2019administration des entreprises. \u00c0 la validation de ce double cursus...","breadcrumb":{"@id":"https:\/\/proharptech.com\/fr\/presentation\/#breadcrumb"},"inLanguage":"fr-FR","potentialAction":[{"@type":"ReadAction","target":["https:\/\/proharptech.com\/fr\/presentation\/"]}]},{"@type":"ImageObject","inLanguage":"fr-FR","@id":"https:\/\/proharptech.com\/fr\/presentation\/#primaryimage","url":"https:\/\/proharptech.com\/wp-content\/uploads\/2020\/05\/presentation-mobile.jpg","contentUrl":"https:\/\/proharptech.com\/wp-content\/uploads\/2020\/05\/presentation-mobile.jpg","width":1230,"height":846},{"@type":"BreadcrumbList","@id":"https:\/\/proharptech.com\/fr\/presentation\/#breadcrumb","itemListElement":[{"@type":"ListItem","position":1,"name":"Home","item":"https:\/\/proharptech.com\/fr\/"},{"@type":"ListItem","position":2,"name":"Pr\u00e9sentation"}]},{"@type":"WebSite","@id":"https:\/\/proharptech.com\/fr\/#website","url":"https:\/\/proharptech.com\/fr\/","name":"Pro.Harp.Tech - Enric de Anciola","description":"Harp Technician","publisher":{"@id":"https:\/\/proharptech.com\/fr\/#organization"},"potentialAction":[{"@type":"SearchAction","target":{"@type":"EntryPoint","urlTemplate":"https:\/\/proharptech.com\/fr\/?s={search_term_string}"},"query-input":{"@type":"PropertyValueSpecification","valueRequired":true,"valueName":"search_term_string"}}],"inLanguage":"fr-FR"},{"@type":"Organization","@id":"https:\/\/proharptech.com\/fr\/#organization","name":"Pro.Harp.Tech - Enric de Anciola","url":"https:\/\/proharptech.com\/fr\/","logo":{"@type":"ImageObject","inLanguage":"fr-FR","@id":"https:\/\/proharptech.com\/fr\/#\/schema\/logo\/image\/","url":"https:\/\/proharptech.com\/wp-content\/uploads\/2020\/04\/favicon.png","contentUrl":"https:\/\/proharptech.com\/wp-content\/uploads\/2020\/04\/favicon.png","width":512,"height":512,"caption":"Pro.Harp.Tech - Enric de Anciola"},"image":{"@id":"https:\/\/proharptech.com\/fr\/#\/schema\/logo\/image\/"}}]}},"_links":{"self":[{"href":"https:\/\/proharptech.com\/fr\/wp-json\/wp\/v2\/pages\/367","targetHints":{"allow":["GET"]}}],"collection":[{"href":"https:\/\/proharptech.com\/fr\/wp-json\/wp\/v2\/pages"}],"about":[{"href":"https:\/\/proharptech.com\/fr\/wp-json\/wp\/v2\/types\/page"}],"author":[{"embeddable":true,"href":"https:\/\/proharptech.com\/fr\/wp-json\/wp\/v2\/users\/1"}],"replies":[{"embeddable":true,"href":"https:\/\/proharptech.com\/fr\/wp-json\/wp\/v2\/comments?post=367"}],"version-history":[{"count":0,"href":"https:\/\/proharptech.com\/fr\/wp-json\/wp\/v2\/pages\/367\/revisions"}],"wp:featuredmedia":[{"embeddable":true,"href":"https:\/\/proharptech.com\/fr\/wp-json\/wp\/v2\/media\/450"}],"wp:attachment":[{"href":"https:\/\/proharptech.com\/fr\/wp-json\/wp\/v2\/media?parent=367"}],"curies":[{"name":"wp","href":"https:\/\/api.w.org\/{rel}","templated":true}]}}